{"id":1520,"date":"2016-12-09T11:22:00","date_gmt":"2016-12-09T11:22:00","guid":{"rendered":"http:\/\/www.felipegonzalez.es\/publicaciones\/"},"modified":"2017-02-15T12:16:38","modified_gmt":"2017-02-15T12:16:38","slug":"publicaciones","status":"publish","type":"page","link":"https:\/\/www.felipegonzalez.es\/ca\/publicaciones\/","title":{"rendered":"Publicacions"},"content":{"rendered":"<p>[vc_row el_class=&#8221;page-header&#8221;][vc_column el_class=&#8221;vc-container&#8221;][vc_column_text]<\/p>\n<h1>Publicacions<\/h1>\n<p>[\/vc_column_text][vc_empty_space height=&#8221;40px&#8221;][\/vc_column][\/vc_row][vc_row el_class=&#8221;publicaciones-row&#8221;][vc_column]    <div class=\"publi js-publi is-unpair\">\n      <div class=\"publi-shape js-publi-shape\"><\/div>      <div class=\"container\">\n        <div class=\"row\">\n\n          <div class=\"col-xs-12 col-md-4 publi-col-left js-publi-col-left\">\n                        <img decoding=\"async\" src=\"https:\/\/www.felipegonzalez.es\/wp-content\/uploads\/1976\/01\/elsocialismo.png\" class=\"img-responsive publi-img\" alt=\"Qu\u00e9 es. El Socialismo.\" \/>\n                        <div class=\"publi-redbox\">\n                            <span class=\"publi-year\">1976<\/span>\n                                          <span class=\"publi-editorial\"><strong>Editorial:<\/strong>La Gaya Ciencia<\/span>\n                          <\/div>\n          <\/div>\n          <div class=\"col-xs-12 col-md-8 publi-col-right js-publi-col-right\">\n            <h2 class=\"publi-title\">\n                            Qu\u00e9 es. El Socialismo.                          <\/h2>\n                        <p class=\"publi-subtitle\">[vc_row][vc_column width=&#8221;1\/2&#8243;][vc_column_text]El socialisme es pot definir, a grans trets, com l&#8217;aprofundiment del concepte de la democr\u00e0cia; \u00e9s a dir, com el desenvolupament fins a les darreres conseq\u00fc\u00e8ncies de la democr\u00e0cia en el camp pol\u00edtic, sociocultural, etc. Des del punt de vista finalista, aquest concepte s&#8217;identifica amb l&#8217;autogesti\u00f3. La resposta a la gran pregunta plantejada pel [&hellip;]<\/p>\n                        <div class=\"publi-body js-publi-body\"><p>[vc_row][vc_column width=&#8221;1\/2&#8243;][vc_column_text]El socialisme es pot definir, a grans trets, com l&#8217;aprofundiment del concepte de la democr\u00e0cia; \u00e9s a dir, com el desenvolupament fins a les darreres conseq\u00fc\u00e8ncies de la democr\u00e0cia en el camp pol\u00edtic, sociocultural, etc. Des del punt de vista finalista, aquest concepte s&#8217;identifica amb l&#8217;autogesti\u00f3. La resposta a la gran pregunta plantejada pel t\u00edtol d&#8217;aquesta publicaci\u00f3 tamb\u00e9 es podria respondre mitjan\u00e7ant un tractat econ\u00f2mic, pol\u00edtic i sociocultural inacabable.[\/vc_column_text][\/vc_column][vc_column width=&#8221;1\/2&#8243;][vc_column_text]Aquest petit exemplar divulgador se situa a mig cam\u00ed entre la definici\u00f3 concisa que ho compr\u00e8n tot sense matisos i el tractat extens per aprofundir rigorosament en el contingut immens del concepte de socialisme.[\/vc_column_text][\/vc_column][\/vc_row]<\/p>\n<\/div>\n          <\/div>\n\n        <\/div><!--\/row-->\n      <\/div><!--\/container-->\n    <\/div><!--\/publi-->\n        <div class=\"publi js-publi is-pair\">\n            <div class=\"container\">\n        <div class=\"row\">\n\n          <div class=\"col-xs-12 col-md-4 publi-col-left js-publi-col-left\">\n                        <img decoding=\"async\" src=\"https:\/\/www.felipegonzalez.es\/wp-content\/uploads\/1982\/01\/un_estilo_etico.png\" class=\"img-responsive publi-img\" alt=\"Felipe Gonz\u00e1lez. Un estilo \u00e9tico.\" \/>\n                        <div class=\"publi-redbox\">\n                            <span class=\"publi-year\">1982<\/span>\n                                          <span class=\"publi-editorial\"><strong>Editorial:<\/strong>Arcos Vergara<\/span>\n                          <\/div>\n          <\/div>\n          <div class=\"col-xs-12 col-md-8 publi-col-right js-publi-col-right\">\n            <h2 class=\"publi-title\">\n                            Felipe Gonz\u00e1lez. Un estilo \u00e9tico.                          <\/h2>\n                        <p class=\"publi-subtitle\">Conversaciones con V\u00edctor M\u00e1rquez Reviriego.<\/p>\n                        <div class=\"publi-body js-publi-body\"><p>[vc_row][vc_column width=&#8221;1\/2&#8243;][vc_column_text]Aquest llibre t\u00e9 una tem\u00e0tica variada, tan variada com la vida de la persona que el protagonitza. S&#8217;hi descriu la inf\u00e0ncia de Gonz\u00e1lez en un barri perif\u00e8ric de Sevilla, l&#8217;educaci\u00f3 a un col\u00b7legi religi\u00f3s viscuda sense traumes ni entusiasmes, la sega d&#8217;herba per alimentar les vaques del negoci familiar, l&#8217;esport, Antonio Mach\u00edn i el Cardenal Segura, les lectures a l&#8217;acollidora biblioteca de la Casa Am\u00e8rica, els records d&#8217;Ornar Torrijas i els di\u00e0legs amb Carlos Andr\u00e9s P\u00e9rez, el sentiment paternal de Willy Brandt i altres l\u00edders socialistes, la profunda senzillesa d&#8217;Olof Palme, el lideratge silenci\u00f3s i important de Bruno Kreisky, el tracte amb Adolfo Su\u00e1rez i amb Joaqu\u00edn Garriges,[\/vc_column_text][\/vc_column][vc_column width=&#8221;1\/2&#8243;][vc_column_text]l&#8217;OTAN i Europa, ens anomenats poders f\u00e0ctics, el sentiment i la ra\u00f3, la religi\u00f3 i la vida, la lectura com a necessitat vital, la cultura com a ornament o com a viv\u00e8ncia profunda, la relaci\u00f3 d&#8217;un pare amb els seus fills, la influ\u00e8ncia de la r\u00e0dio i la televisi\u00f3 en la vida pol\u00edtica, el que faria Felipe Gonz\u00e1lez si deix\u00e9s la pol\u00edtica, el projecte hist\u00f2ric del PSOE, la salut i la malaltia, la cera i de la flor del taronger&#8230;[\/vc_column_text][\/vc_column][\/vc_row]<\/p>\n<\/div>\n          <\/div>\n\n        <\/div><!--\/row-->\n      <\/div><!--\/container-->\n    <\/div><!--\/publi-->\n        <div class=\"publi js-publi is-unpair\">\n      <div class=\"publi-shape js-publi-shape\"><\/div>      <div class=\"container\">\n        <div class=\"row\">\n\n          <div class=\"col-xs-12 col-md-4 publi-col-left js-publi-col-left\">\n                        <img decoding=\"async\" src=\"https:\/\/www.felipegonzalez.es\/wp-content\/uploads\/2001\/01\/libro_el_futuro_no_es.png\" class=\"img-responsive publi-img\" alt=\"El futuro no es lo que era.\" \/>\n                        <div class=\"publi-redbox\">\n                            <span class=\"publi-year\">2001<\/span>\n                                          <span class=\"publi-editorial\"><strong>Editorial:<\/strong>Aguilar<\/span>\n                          <\/div>\n          <\/div>\n          <div class=\"col-xs-12 col-md-8 publi-col-right js-publi-col-right\">\n            <h2 class=\"publi-title\">\n                            El futuro no es lo que era.                          <\/h2>\n                        <p class=\"publi-subtitle\">Felipe Gonz\u00e1lez i Juan Luis Cebri\u00e1n.<\/p>\n                        <div class=\"publi-body js-publi-body\"><p>[vc_row][vc_column width=&#8221;1\/2&#8243;][vc_column_text]Felipe Gonz\u00e1lez i Juan Luis Cebri\u00e1n reflexionen sobre aspectes del nostre passat poc coneguts, descobreixen claus in\u00e8dites i plantegen opinions que fan d&#8217;aquest llibre una provocaci\u00f3 al debat. Es tracta d&#8217;una conversa sobre el futur entre dos protagonistes de la transici\u00f3 espanyola. \u00c9s una recuperaci\u00f3 de la nostra mem\u00f2ria hist\u00f2rica i una mirada cr\u00edtica envers el present, per\u00f2 tamb\u00e9 una obra que adopta una perspectiva canviant sobre la manera d&#8217;entendre Espanya: el relat de dues persones del nostre temps sobre un pa\u00eds que vol ser m\u00e9s modern.[\/vc_column_text][\/vc_column][vc_column width=&#8221;1\/2&#8243;][vc_column_text]S&#8217;hi analitza la situaci\u00f3 de la monarquia fins a la globalitzaci\u00f3, sense oblidar el paper de l&#8217;ex\u00e8rcit, el patriotisme, la sobirania, el cop d&#8217;estat del 23-F o la guerra bruta antiterrorista.[\/vc_column_text][\/vc_column][\/vc_row]<\/p>\n<\/div>\n          <\/div>\n\n        <\/div><!--\/row-->\n      <\/div><!--\/container-->\n    <\/div><!--\/publi-->\n        <div class=\"publi js-publi is-pair\">\n            <div class=\"container\">\n        <div class=\"row\">\n\n          <div class=\"col-xs-12 col-md-4 publi-col-left js-publi-col-left\">\n                        <img decoding=\"async\" src=\"https:\/\/www.felipegonzalez.es\/wp-content\/uploads\/2003\/01\/memorias_del_futuro.png\" class=\"img-responsive publi-img\" alt=\"Memorias del Futuro.\" \/>\n                        <div class=\"publi-redbox\">\n                            <span class=\"publi-year\">2003<\/span>\n                                          <span class=\"publi-editorial\"><strong>Editorial:<\/strong>Aguilar<\/span>\n                          <\/div>\n          <\/div>\n          <div class=\"col-xs-12 col-md-8 publi-col-right js-publi-col-right\">\n            <h2 class=\"publi-title\">\n                            Memorias del Futuro.                          <\/h2>\n                        <p class=\"publi-subtitle\">Reflexiones sobre el tiempo presente.<\/p>\n                        <div class=\"publi-body js-publi-body\"><p>[vc_row][vc_column width=&#8221;1\/2&#8243;][vc_column_text]<em>Memorias del futuro<\/em> recull les reflexions de Felipe Gonz\u00e1lez sobre els temes m\u00e9s importants del nostre temps. Es tracta d&#8217;una col\u00b7lecci\u00f3 de 53 articles publicats al diari <em>El Pa\u00eds<\/em> entre 1993 i 2003. L&#8217;autor analitza assumptes referents tant a la pol\u00edtica espanyola com a l&#8217;\u00e0mbit europeu i al paper d&#8217;Europa a l&#8217;esfera internacional. Pel que fa a la pol\u00edtica espanyola, aborda q\u00fcestions com ara el terrorisme d&#8217;ETA, el proc\u00e9s de prim\u00e0ries del Partit Socialista Obrer Espanyol i els nexes entre Espanya i Am\u00e8rica Llatina, aix\u00ed com les relacions entre Espanya i Marroc.[\/vc_column_text][\/vc_column][vc_column width=&#8221;1\/2&#8243;][vc_column_text]Quant a l&#8217;\u00e0mbit europeu, tracta temes com la construcci\u00f3 europea, l&#8217;euro o el socialisme democr\u00e0tic i d&#8217;Europa. Respecte a l&#8217;esfera internacional, reflexiona sobre la q\u00fcesti\u00f3 palestina, el paper d&#8217;Europa a la globalitzaci\u00f3, les relacions amb el Mercosur i \u00c0frica, la conjuntura creada despr\u00e9s de l&#8217;atemptat contra les Torres Bessones a Nova York i, per \u00faltim, el conflicte d&#8217;Iraq. Aquest llibre ens ajuda a entendre el passat immediat per tal de comprendre millor el present.[\/vc_column_text][\/vc_column][\/vc_row]<\/p>\n<\/div>\n          <\/div>\n\n        <\/div><!--\/row-->\n      <\/div><!--\/container-->\n    <\/div><!--\/publi-->\n        <div class=\"publi js-publi is-unpair\">\n      <div class=\"publi-shape js-publi-shape\"><\/div>      <div class=\"container\">\n        <div class=\"row\">\n\n          <div class=\"col-xs-12 col-md-4 publi-col-left js-publi-col-left\">\n                        <img decoding=\"async\" src=\"https:\/\/www.felipegonzalez.es\/wp-content\/uploads\/2009\/01\/iberoamerica2022.png\" class=\"img-responsive publi-img\" alt=\"Iberoam\u00e9rica 2020.\" \/>\n                        <div class=\"publi-redbox\">\n                            <span class=\"publi-year\">2009<\/span>\n                                          <span class=\"publi-editorial\"><strong>Editorial:<\/strong>Siglo XXI de Espa\u00f1a<\/span>\n                          <\/div>\n          <\/div>\n          <div class=\"col-xs-12 col-md-8 publi-col-right js-publi-col-right\">\n            <h2 class=\"publi-title\">\n                            Iberoam\u00e9rica 2020.                          <\/h2>\n                        <p class=\"publi-subtitle\">Retos ante la crisis (Ed.)<\/p>\n                        <div class=\"publi-body js-publi-body\"><p>[vc_row][vc_column width=&#8221;1\/2&#8243;][vc_column_text]Aquest llibre destaca per la qualitat dels autors i dels temes, repartits en set cap\u00edtols. S&#8217;hi repassen les reformes necess\u00e0ries a la regi\u00f3 per tal d&#8217;afrontar la crisi, superar-la i encarar l&#8217;horitz\u00f3 de futur. El lector trobar\u00e0 aportacions sobre la crisi com a oportunitat i com a risc; sobre la necessitat de trobar un model de creixement que generi ocupaci\u00f3 i redistribueixi els ingressos; sobre l&#8217;educaci\u00f3, la formaci\u00f3 i la salut com a variables estrat\u00e8giques clau en l&#8217;esfor\u00e7 de modernitzaci\u00f3 i igualtat d&#8217;oportunitats; sobre l&#8217;energia i el canvi clim\u00e0tic;[\/vc_column_text][\/vc_column][vc_column width=&#8221;1\/2&#8243;][vc_column_text]sobre el desenvolupament d&#8217;infraestructures per eliminar els colls d&#8217;ampolla per al desenvolupament; sobre l&#8217;efecte dels fluxos migratoris; sobre els desafiaments de la seguretat f\u00edsica i jur\u00eddica en vista de les amenaces m\u00e9s perilloses; sobre la qualitat de la democr\u00e0cia i les reformes institucionals per aconseguir-la; i sobre les accions d&#8217;integraci\u00f3 regional que permetin aprofitar les sin\u00e8rgies d&#8217;aquest espai amb un potencial de desenvolupament tan elevat.[\/vc_column_text][\/vc_column][\/vc_row]<\/p>\n<\/div>\n          <\/div>\n\n        <\/div><!--\/row-->\n      <\/div><!--\/container-->\n    <\/div><!--\/publi-->\n        <div class=\"publi js-publi is-pair\">\n            <div class=\"container\">\n        <div class=\"row\">\n\n          <div class=\"col-xs-12 col-md-4 publi-col-left js-publi-col-left\">\n                        <img decoding=\"async\" src=\"https:\/\/www.felipegonzalez.es\/wp-content\/uploads\/2016\/11\/mi-idea-en-europa.png\" class=\"img-responsive publi-img\" alt=\"Mi idea de Europa.\" \/>\n                        <div class=\"publi-redbox\">\n                            <span class=\"publi-year\">2010<\/span>\n                                          <span class=\"publi-editorial\"><strong>Editorial:<\/strong>RBA<\/span>\n                          <\/div>\n          <\/div>\n          <div class=\"col-xs-12 col-md-8 publi-col-right js-publi-col-right\">\n            <h2 class=\"publi-title\">\n                            Mi idea de Europa.                          <\/h2>\n                        <p class=\"publi-subtitle\">[vc_row][vc_column width=&#8221;1\/2&#8243;][vc_column_text]El vell continent, la Uni\u00f3 Europea, est\u00e0 sumida en moments d&#8217;incertesa i crisi que l&#8217;aboquen a un munt de reptes la resoluci\u00f3 dels quals en marcar\u00e0 el futur i permetr\u00e0 consolidar un lideratge fort i un funcionament efica\u00e7 que garanteixi el poder real de les institucions: la cohesi\u00f3 interna de la ciutadania i la [&hellip;]<\/p>\n                        <div class=\"publi-body js-publi-body\"><p>[vc_row][vc_column width=&#8221;1\/2&#8243;][vc_column_text]El vell continent, la Uni\u00f3 Europea, est\u00e0 sumida en moments d&#8217;incertesa i crisi que l&#8217;aboquen a un munt de reptes la resoluci\u00f3 dels quals en marcar\u00e0 el futur i permetr\u00e0 consolidar un lideratge fort i un funcionament efica\u00e7 que garanteixi el poder real de les institucions: la cohesi\u00f3 interna de la ciutadania i la integraci\u00f3 dels immigrants; la seguretat interior i el desenvolupament de l&#8217;acci\u00f3 com\u00fa en l&#8217;escenari internacional per a la resoluci\u00f3 de conflictes; la relaci\u00f3 amb altres regions, com ara Am\u00e8rica Llatina o els pa\u00efsos de la zona mediterr\u00e0nia; la resposta als reptes futurs com el prove\u00efment energ\u00e8tic, el desenvolupament tecnol\u00f2gic, la pol\u00edtica educativa i l&#8217;equilibri entre el desenvolupament econ\u00f2mic, social i cultural.[\/vc_column_text][\/vc_column][vc_column width=&#8221;1\/2&#8243;][vc_column_text]Europa est\u00e0 en crisi i necessita la gosadia de l&#8217;esperan\u00e7a i el pragmatisme de les idees per abordar un futur prometedor. Europeista conven\u00e7ut, testimoni i protagonista de la construcci\u00f3 europea, Felipe Gonz\u00e1lez reflexiona en aquest llibre (amb agudesa, fugint dels estereotipis i sense eludir la pol\u00e8mica) sobre el passat, el present i el futur d&#8217;aquest somni que encara s&#8217;ha de culminar anomenat Europa.[\/vc_column_text][\/vc_column][\/vc_row]<\/p>\n<\/div>\n          <\/div>\n\n        <\/div><!--\/row-->\n      <\/div><!--\/container-->\n    <\/div><!--\/publi-->\n        <div class=\"publi js-publi is-unpair\">\n      <div class=\"publi-shape js-publi-shape\"><\/div>      <div class=\"container\">\n        <div class=\"row\">\n\n          <div class=\"col-xs-12 col-md-4 publi-col-left js-publi-col-left\">\n                        <img decoding=\"async\" src=\"https:\/\/www.felipegonzalez.es\/wp-content\/uploads\/2011\/01\/aun_podemos_enterdernos.png\" class=\"img-responsive publi-img\" alt=\"\u00bfA\u00fan podemos entendernos?\" \/>\n                        <div class=\"publi-redbox\">\n                            <span class=\"publi-year\">2011<\/span>\n                                          <span class=\"publi-editorial\"><strong>Editorial:<\/strong>Planeta<\/span>\n                          <\/div>\n          <\/div>\n          <div class=\"col-xs-12 col-md-8 publi-col-right js-publi-col-right\">\n            <h2 class=\"publi-title\">\n                            \u00bfA\u00fan podemos entendernos?                          <\/h2>\n                        <p class=\"publi-subtitle\">Felipe Gonz\u00e1lez i Miguel Roca.<\/p>\n                        <div class=\"publi-body js-publi-body\"><p>[vc_row][vc_column width=&#8221;1\/2&#8243;][vc_column_text]M\u00e9s de tres d\u00e8cades despr\u00e9s de la recuperaci\u00f3 de la democr\u00e0cia i de la construcci\u00f3 de l&#8217;Estat de les Autonomies, dos dels principals protagonistes de la transici\u00f3 revisen l&#8217;evoluci\u00f3 del sistema pol\u00edtic espanyol, la distribuci\u00f3 del poder entre les comunitats aut\u00f2nomes i l&#8217;Estat central i, en especial, la dualitat simb\u00f2lica, per\u00f2 tamb\u00e9 econ\u00f2mica, cultural i institucional entre Catalunya i Espanya. La reflexi\u00f3 sobre aquesta evoluci\u00f3, que s&#8217;inicia en plena guerra freda en un m\u00f3n bipolar, condueix necess\u00e0riament al nou context de l&#8217;economia globalitzada i del m\u00f3n multipolar, en qu\u00e8 Europa, Espanya i Catalunya han de trobar el seu lloc i la seva veu.[\/vc_column_text][\/vc_column][vc_column width=&#8221;1\/2&#8243;][vc_column_text]Les converses, moderades per Llu\u00eds Bassets, aborden els aspectes m\u00e9s pol\u00e8mics de la redistribuci\u00f3 del poder econ\u00f2mic i pol\u00edtic, les reivindicacions i sentiments nacionalistes, les societats actuals multiculturals i pluriling\u00fces on han de conviure poblacions d&#8217;or\u00edgens molt diversos, aix\u00ed com els problemes de governan\u00e7a i sostenibilitat dels models socials i productius del futur.[\/vc_column_text][\/vc_column][\/vc_row]<\/p>\n<\/div>\n          <\/div>\n\n        <\/div><!--\/row-->\n      <\/div><!--\/container-->\n    <\/div><!--\/publi-->\n        <div class=\"publi js-publi is-pair\">\n            <div class=\"container\">\n        <div class=\"row\">\n\n          <div class=\"col-xs-12 col-md-4 publi-col-left js-publi-col-left\">\n                        <img decoding=\"async\" src=\"https:\/\/www.felipegonzalez.es\/wp-content\/uploads\/2016\/12\/en-busca-de-respuestas.png\" class=\"img-responsive publi-img\" alt=\"En busca de respuestas.\" \/>\n                        <div class=\"publi-redbox\">\n                            <span class=\"publi-year\">2013<\/span>\n                                          <span class=\"publi-editorial\"><strong>Editorial:<\/strong>Debate<\/span>\n                          <\/div>\n          <\/div>\n          <div class=\"col-xs-12 col-md-8 publi-col-right js-publi-col-right\">\n            <h2 class=\"publi-title\">\n                            En busca de respuestas.                          <\/h2>\n                        <p class=\"publi-subtitle\">El liderazgo en tiempo de crisis.<\/p>\n                        <div class=\"publi-body js-publi-body\"><p>[vc_row][vc_column width=&#8221;1\/2&#8243;][vc_column_text]La profunda crisi en qu\u00e8 ens hem instal\u00b7lat des de fa uns quants anys \u00e9s una crisi econ\u00f2mica i social, per\u00f2 tamb\u00e9 de lideratge. El lideratge, segons Felipe Gonz\u00e1lez, es caracteritza per la cerca incessant de respostes, perqu\u00e8 cal seguir plantejant-se com millorar el m\u00f3n, com fer-lo m\u00e9s just, m\u00e9s pr\u00f2sper i m\u00e9s lliure. A partir de la seva experi\u00e8ncia en moments molt complicats de la hist\u00f2ria recent d&#8217;Espanya, Felipe Gonz\u00e1lez reflexiona \u00e0mpliament sobre qu\u00e8 significa avui en dia el lideratge pol\u00edtic, empresarial i social, i com es poden afrontar els desafiaments del present per posar les bases d&#8217;un futur millor.[\/vc_column_text][\/vc_column][vc_column width=&#8221;1\/2&#8243;][vc_column_text]&#8221;La pol\u00edtica hauria de consistir en la disminuci\u00f3 del patiment dels ciutadans: aquest seria el lideratge de veritat. Si la pol\u00edtica que es fa no agrada, cal canviar-la; si els partits pol\u00edtics que hi ha no agraden, cal canviar-los o canviar-ne els dirigents. Hem de millorar la qualitat i el contingut de la pol\u00edtica, i aix\u00f2 nom\u00e9s s&#8217;aconsegueix amb idees i amb participaci\u00f3. Si no ho fem, ning\u00fa no hi guanyar\u00e0 i tots hi sortirem perdent&#8221;.[\/vc_column_text][\/vc_column][\/vc_row]<\/p>\n<\/div>\n          <\/div>\n\n        <\/div><!--\/row-->\n      <\/div><!--\/container-->\n    <\/div><!--\/publi-->\n        <div class=\"publi js-publi is-unpair\">\n      <div class=\"publi-shape js-publi-shape\"><\/div>      <div class=\"container\">\n        <div class=\"row\">\n\n          <div class=\"col-xs-12 col-md-4 publi-col-left js-publi-col-left\">\n                        <img decoding=\"async\" src=\"https:\/\/www.felipegonzalez.es\/wp-content\/uploads\/2017\/02\/quienmandaaqui-copia-e1490378303839.png\" class=\"img-responsive publi-img\" alt=\"\u00bfQui\u00e9n manda aqu\u00ed?\" \/>\n                        <div class=\"publi-redbox\">\n                            <span class=\"publi-year\">2017<\/span>\n                                          <span class=\"publi-editorial\"><strong>Editorial:<\/strong>Debate<\/span>\n                          <\/div>\n          <\/div>\n          <div class=\"col-xs-12 col-md-8 publi-col-right js-publi-col-right\">\n            <h2 class=\"publi-title\">\n                                          <a href=\"http:\/\/www.megustaleer.com\/libro\/quien-manda-aqui\/ES0152325\" target=\"_blank\">\n                            \u00bfQui\u00e9n manda aqu\u00ed?                            <\/a>\n                          <\/h2>\n                        <p class=\"publi-subtitle\">La crisi global de la democr\u00e0cia representativa<\/p>\n                        <div class=\"publi-body js-publi-body\"><p>[vc_row][vc_column width=&#8221;1\/2&#8243;][vc_column_text]El model de governan\u00e7a de les societats occidentals est\u00e0 en crisi. Els pilars b\u00e0sics que sostenien les democr\u00e0cies representatives s\u00f3n cada vegada m\u00e9s q\u00fcestionats pels ciutadans que hi viuen. Molts votants senten que els pol\u00edtics no tenen prou en compte les seves prefer\u00e8ncies, la qual cosa d\u00f3na lloc a formes alternatives de canalitzar les demandes ciutadanes; al seu torn, els governs es queixen dels obstacles i restriccions, cada vegada m\u00e9s importants, que han de fer front a l&#8217;hora de dur a terme les pol\u00edtiques; el resultat \u00e9s que s&#8217;erosionen els principis fundacionals de divisi\u00f3 de poders, governs de majoria i rendici\u00f3 de comptes.[\/vc_column_text][\/vc_column][vc_column width=&#8221;1\/2&#8243;][vc_column_text]Entre les primaveres de 2016 i 2017 Felipe Gonz\u00e1lez va assumir la titularitat de la C\u00e0tedra Jos\u00e9 Bonifacio, un programa acad\u00e8mic de la Universitat de S\u00e3o Paulo, per iniciativa del Centre Iberoameric\u00e0 (CIBA). \u00bf<em>Qui\u00e9n manda aqu\u00ed? <\/em>recull els treballs de diversos experts (Jos\u00e9 Fern\u00e1ndez-Albertos, Gerson Damiani, V\u00edctor Lapuente Gin\u00e9, Ignacio Molina, Roberto Gargarella, Rafael Jim\u00e9nez Asensio, Berta Barbet, Juan Rodr\u00edguez Teruel, Kelly Komatsu Agyopan, Alberto Penad\u00e9s i Wagner Pinheiro Pereira, a m\u00e9s de Felipe Gonz\u00e1lez) que aporten llum a aquests problemes i ofereixen algunes solucions al voltant dels quatre blocs en qu\u00e8 s&#8217;estructura la c\u00e0tedra.[\/vc_column_text][\/vc_column][\/vc_row]<\/p>\n<\/div>\n          <\/div>\n\n        <\/div><!--\/row-->\n      <\/div><!--\/container-->\n    <\/div><!--\/publi-->\n        <section class=\"publiotros\">\n    <div class=\"container\">\n    <h3 class=\"publiotros-title\">Altres publicacions <span>d'inter\u00e8s<\/span><\/h3>\n    <div class=\"row\">\n    \n    <div class=\"col-xs-12 col-sm-4\">\n      <article class=\"publiotros-item\">\n        <h3 class=\"publiotros-name\">\n                    Felipe Gonz\u00e1lez. Perfil humano y pol\u00edtico.                            <\/h3>\n                <p class=\"publiotros-autor\">Miguel \u00c1ngel Aguilar y Eduardo Chamorro.<\/p>\n                        <p class=\"publiotros-editorial\">Cambio 16, 1977.<\/p>\n              <\/article>\n    <\/div>\n\n    \n    <div class=\"col-xs-12 col-sm-4\">\n      <article class=\"publiotros-item\">\n        <h3 class=\"publiotros-name\">\n                    Felipe Gonz\u00e1lez, un hombre a la espera.                            <\/h3>\n                <p class=\"publiotros-autor\">Eduardo Chamorro.<\/p>\n                        <p class=\"publiotros-editorial\">Planeta, 1980.<\/p>\n              <\/article>\n    <\/div>\n\n    \n    <div class=\"col-xs-12 col-sm-4\">\n      <article class=\"publiotros-item\">\n        <h3 class=\"publiotros-name\">\n                    La pol\u00edtica de la transici\u00f3n.                            <\/h3>\n                <p class=\"publiotros-autor\">Jos\u00e9 Mar\u00eda Maravall.<\/p>\n                        <p class=\"publiotros-editorial\">Taurus, 1984.<\/p>\n              <\/article>\n    <\/div>\n\n    <\/div><!--\/row--><div class='row'>\n    <div class=\"col-xs-12 col-sm-4\">\n      <article class=\"publiotros-item\">\n        <h3 class=\"publiotros-name\">\n                    El triunfo de la democracia en Espa\u00f1a. 1962-1982.                            <\/h3>\n                <p class=\"publiotros-autor\">Paul Preston.<\/p>\n                        <p class=\"publiotros-editorial\">Plaza & Jan\u00e9s, 1986.<\/p>\n              <\/article>\n    <\/div>\n\n    \n    <div class=\"col-xs-12 col-sm-4\">\n      <article class=\"publiotros-item\">\n        <h3 class=\"publiotros-name\">\n                    Los socialistas en la pol\u00edtica espa\u00f1ola (1879-1982).                            <\/h3>\n                <p class=\"publiotros-autor\">Santos Juli\u00e1.<\/p>\n                        <p class=\"publiotros-editorial\">Taurus, 1997.<\/p>\n              <\/article>\n    <\/div>\n\n    \n    <div class=\"col-xs-12 col-sm-4\">\n      <article class=\"publiotros-item\">\n        <h3 class=\"publiotros-name\">\n                    La estrategia organizativa del Partido Socialista Obrero Espa\u00f1ol (1975-1996).                            <\/h3>\n                <p class=\"publiotros-autor\">M\u00f3nica M\u00e9ndez Lago.<\/p>\n                        <p class=\"publiotros-editorial\">Centro de Investigaciones Sociol\u00f3gicas, 2000.<\/p>\n              <\/article>\n    <\/div>\n\n    <\/div><!--\/row--><div class='row'>\n    <div class=\"col-xs-12 col-sm-4\">\n      <article class=\"publiotros-item\">\n        <h3 class=\"publiotros-name\">\n                    Felipe Gonz\u00e1lez. El presidente del cambio (1982-1996).                            <\/h3>\n                <p class=\"publiotros-autor\">Victoria Prego.<\/p>\n                        <p class=\"publiotros-editorial\">Unidad Editorial, 2002.<\/p>\n              <\/article>\n    <\/div>\n\n    \n    <div class=\"col-xs-12 col-sm-4\">\n      <article class=\"publiotros-item\">\n        <h3 class=\"publiotros-name\">\n                    La memoria recuperada. Lo que nunca han contado Felipe Gonz\u00e1lez y los dirigentes socialistas de sus a\u00f1os de gobierno.                            <\/h3>\n                <p class=\"publiotros-autor\">Maria Antonia Iglesias.<\/p>\n                        <p class=\"publiotros-editorial\">Aguilar, 2003.<\/p>\n              <\/article>\n    <\/div>\n\n    \n    <div class=\"col-xs-12 col-sm-4\">\n      <article class=\"publiotros-item\">\n        <h3 class=\"publiotros-name\">\n                    Felipe Gonz\u00e1lez: el hombre y el pol\u00edtico.                            <\/h3>\n                <p class=\"publiotros-autor\">Alfonso S. Palomares.<\/p>\n                        <p class=\"publiotros-editorial\">Ediciones B, 2005.<\/p>\n              <\/article>\n    <\/div>\n\n    <\/div><!--\/row--><div class='row'>\n    <div class=\"col-xs-12 col-sm-4\">\n      <article class=\"publiotros-item\">\n        <h3 class=\"publiotros-name\">\n                    Transici\u00f3n y cambio en Espa\u00f1a: 1975-1996.                            <\/h3>\n                <p class=\"publiotros-autor\">\u00c1lvaro Soto.<\/p>\n                        <p class=\"publiotros-editorial\">Alianza Editorial, 2005.<\/p>\n              <\/article>\n    <\/div>\n\n    \n    <div class=\"col-xs-12 col-sm-4\">\n      <article class=\"publiotros-item\">\n        <h3 class=\"publiotros-name\">\n                    Felipe Gonz\u00e1lez. El rostro de una joven democracia.                            <\/h3>\n                <p class=\"publiotros-autor\">VV.AA.<\/p>\n                        <p class=\"publiotros-editorial\">Alg\u00f3n editores, 2010.<\/p>\n              <\/article>\n    <\/div>\n\n    \n    <div class=\"col-xs-12 col-sm-4\">\n      <article class=\"publiotros-item\">\n        <h3 class=\"publiotros-name\">\n                    El camino de vuelta. Del triunfo de Felipe Gonz\u00e1lez a la crisis del PSOE.                            <\/h3>\n                <p class=\"publiotros-autor\">Joaqu\u00edn Leguina.<\/p>\n                        <p class=\"publiotros-editorial\">La esfera de los libros, 2012.<\/p>\n              <\/article>\n    <\/div>\n\n    <\/div><!--\/row--><div class='row'>\n    <div class=\"col-xs-12 col-sm-4\">\n      <article class=\"publiotros-item\">\n        <h3 class=\"publiotros-name\">\n                    Historia de la \u00e9poca socialista. Espa\u00f1a 1982-1996.                            <\/h3>\n                <p class=\"publiotros-autor\">\u00c1lvaro Soto y Abd\u00f3n Mateo (Dirs.).<\/p>\n                        <p class=\"publiotros-editorial\">S\u00edlex Ediciones, 2013.<\/p>\n              <\/article>\n    <\/div>\n\n    \n    <div class=\"col-xs-12 col-sm-4\">\n      <article class=\"publiotros-item\">\n        <h3 class=\"publiotros-name\">\n                    Felipe Gonz\u00e1lez. La ambici\u00f3n que cambi\u00f3 Espa\u00f1a.                            <\/h3>\n                <p class=\"publiotros-autor\">Manuela Ortega Ruiz.<\/p>\n                        <p class=\"publiotros-editorial\">Tecnos, 2015.<\/p>\n              <\/article>\n    <\/div>\n\n        <\/div><!--\/row-->\n    <\/div><!--\/container-->\n    <\/section><!--\/publiotros-->\n    [\/vc_column][\/vc_row]<\/p>\n","protected":false},"excerpt":{"rendered":"<p>[vc_row el_class=&#8221;page-header&#8221;][vc_column el_class=&#8221;vc-container&#8221;][vc_column_text] Publicacions [\/vc_column_text][vc_empty_space height=&#8221;40px&#8221;][\/vc_column][\/vc_row][vc_row el_class=&#8221;publicaciones-row&#8221;][vc_column][\/vc_column][\/vc_row]<\/p>\n","protected":false},"author":3,"featured_media":0,"parent":0,"menu_order":0,"comment_status":"closed","ping_status":"closed","template":"","meta":{"footnotes":""},"class_list":["post-1520","page","type-page","status-publish","hentry"],"yoast_head":"<!-- This site is optimized with the Yoast SEO plugin v21.1 - https:\/\/yoast.com\/wordpress\/plugins\/seo\/ -->\n<title>Publicacions - Felipe Gonz\u00e1lez<\/title>\n<meta name=\"robots\" content=\"index, follow, max-snippet:-1, max-image-preview:large, max-video-preview:-1\" \/>\n<link rel=\"canonical\" href=\"https:\/\/www.felipegonzalez.es\/publicaciones\/\" \/>\n<meta property=\"og:locale\" content=\"ca_ES\" \/>\n<meta property=\"og:type\" content=\"article\" \/>\n<meta property=\"og:title\" content=\"Publicacions - Felipe Gonz\u00e1lez\" \/>\n<meta property=\"og:description\" content=\"[vc_row el_class=&#8221;page-header&#8221;][vc_column el_class=&#8221;vc-container&#8221;][vc_column_text] Publicacions [\/vc_column_text][vc_empty_space height=&#8221;40px&#8221;][\/vc_column][\/vc_row][vc_row el_class=&#8221;publicaciones-row&#8221;][vc_column][\/vc_column][\/vc_row]\" \/>\n<meta property=\"og:url\" content=\"https:\/\/www.felipegonzalez.es\/publicaciones\/\" \/>\n<meta property=\"og:site_name\" content=\"Felipe Gonz\u00e1lez\" \/>\n<meta property=\"article:modified_time\" content=\"2017-02-15T12:16:38+00:00\" \/>\n<meta name=\"twitter:card\" content=\"summary_large_image\" \/>\n<script type=\"application\/ld+json\" class=\"yoast-schema-graph\">{\"@context\":\"https:\/\/schema.org\",\"@graph\":[{\"@type\":\"WebPage\",\"@id\":\"https:\/\/www.felipegonzalez.es\/publicaciones\/\",\"url\":\"https:\/\/www.felipegonzalez.es\/publicaciones\/\",\"name\":\"Publicacions - Felipe Gonz\u00e1lez\",\"isPartOf\":{\"@id\":\"https:\/\/www.felipegonzalez.es\/#website\"},\"datePublished\":\"2016-12-09T11:22:00+00:00\",\"dateModified\":\"2017-02-15T12:16:38+00:00\",\"breadcrumb\":{\"@id\":\"https:\/\/www.felipegonzalez.es\/publicaciones\/#breadcrumb\"},\"inLanguage\":\"ca-ES\",\"potentialAction\":[{\"@type\":\"ReadAction\",\"target\":[\"https:\/\/www.felipegonzalez.es\/publicaciones\/\"]}]},{\"@type\":\"BreadcrumbList\",\"@id\":\"https:\/\/www.felipegonzalez.es\/publicaciones\/#breadcrumb\",\"itemListElement\":[{\"@type\":\"ListItem\",\"position\":1,\"name\":\"Portada\",\"item\":\"https:\/\/www.felipegonzalez.es\/ca\/\"},{\"@type\":\"ListItem\",\"position\":2,\"name\":\"Publicacions\"}]},{\"@type\":\"WebSite\",\"@id\":\"https:\/\/www.felipegonzalez.es\/#website\",\"url\":\"https:\/\/www.felipegonzalez.es\/\",\"name\":\"Felipe Gonz\u00e1lez\",\"description\":\"Felipe Gonz\u00e1lez\",\"potentialAction\":[{\"@type\":\"SearchAction\",\"target\":{\"@type\":\"EntryPoint\",\"urlTemplate\":\"https:\/\/www.felipegonzalez.es\/?s={search_term_string}\"},\"query-input\":\"required name=search_term_string\"}],\"inLanguage\":\"ca-ES\"}]}<\/script>\n<!-- \/ Yoast SEO plugin. -->","yoast_head_json":{"title":"Publicacions - Felipe Gonz\u00e1lez","robots":{"index":"index","follow":"follow","max-snippet":"max-snippet:-1","max-image-preview":"max-image-preview:large","max-video-preview":"max-video-preview:-1"},"canonical":"https:\/\/www.felipegonzalez.es\/publicaciones\/","og_locale":"ca_ES","og_type":"article","og_title":"Publicacions - Felipe Gonz\u00e1lez","og_description":"[vc_row el_class=&#8221;page-header&#8221;][vc_column el_class=&#8221;vc-container&#8221;][vc_column_text] Publicacions [\/vc_column_text][vc_empty_space height=&#8221;40px&#8221;][\/vc_column][\/vc_row][vc_row el_class=&#8221;publicaciones-row&#8221;][vc_column][\/vc_column][\/vc_row]","og_url":"https:\/\/www.felipegonzalez.es\/publicaciones\/","og_site_name":"Felipe Gonz\u00e1lez","article_modified_time":"2017-02-15T12:16:38+00:00","twitter_card":"summary_large_image","schema":{"@context":"https:\/\/schema.org","@graph":[{"@type":"WebPage","@id":"https:\/\/www.felipegonzalez.es\/publicaciones\/","url":"https:\/\/www.felipegonzalez.es\/publicaciones\/","name":"Publicacions - Felipe Gonz\u00e1lez","isPartOf":{"@id":"https:\/\/www.felipegonzalez.es\/#website"},"datePublished":"2016-12-09T11:22:00+00:00","dateModified":"2017-02-15T12:16:38+00:00","breadcrumb":{"@id":"https:\/\/www.felipegonzalez.es\/publicaciones\/#breadcrumb"},"inLanguage":"ca-ES","potentialAction":[{"@type":"ReadAction","target":["https:\/\/www.felipegonzalez.es\/publicaciones\/"]}]},{"@type":"BreadcrumbList","@id":"https:\/\/www.felipegonzalez.es\/publicaciones\/#breadcrumb","itemListElement":[{"@type":"ListItem","position":1,"name":"Portada","item":"https:\/\/www.felipegonzalez.es\/ca\/"},{"@type":"ListItem","position":2,"name":"Publicacions"}]},{"@type":"WebSite","@id":"https:\/\/www.felipegonzalez.es\/#website","url":"https:\/\/www.felipegonzalez.es\/","name":"Felipe Gonz\u00e1lez","description":"Felipe Gonz\u00e1lez","potentialAction":[{"@type":"SearchAction","target":{"@type":"EntryPoint","urlTemplate":"https:\/\/www.felipegonzalez.es\/?s={search_term_string}"},"query-input":"required name=search_term_string"}],"inLanguage":"ca-ES"}]}},"_links":{"self":[{"href":"https:\/\/www.felipegonzalez.es\/ca\/wp-json\/wp\/v2\/pages\/1520","targetHints":{"allow":["GET"]}}],"collection":[{"href":"https:\/\/www.felipegonzalez.es\/ca\/wp-json\/wp\/v2\/pages"}],"about":[{"href":"https:\/\/www.felipegonzalez.es\/ca\/wp-json\/wp\/v2\/types\/page"}],"author":[{"embeddable":true,"href":"https:\/\/www.felipegonzalez.es\/ca\/wp-json\/wp\/v2\/users\/3"}],"replies":[{"embeddable":true,"href":"https:\/\/www.felipegonzalez.es\/ca\/wp-json\/wp\/v2\/comments?post=1520"}],"version-history":[{"count":1,"href":"https:\/\/www.felipegonzalez.es\/ca\/wp-json\/wp\/v2\/pages\/1520\/revisions"}],"predecessor-version":[{"id":1521,"href":"https:\/\/www.felipegonzalez.es\/ca\/wp-json\/wp\/v2\/pages\/1520\/revisions\/1521"}],"wp:attachment":[{"href":"https:\/\/www.felipegonzalez.es\/ca\/wp-json\/wp\/v2\/media?parent=1520"}],"curies":[{"name":"wp","href":"https:\/\/api.w.org\/{rel}","templated":true}]}}